{"id":116,"date":"2018-11-29T22:22:27","date_gmt":"2018-11-29T19:22:27","guid":{"rendered":"http:\/\/www.jwernst.ch\/wordpress\/?page_id=116"},"modified":"2024-09-18T16:31:52","modified_gmt":"2024-09-18T13:31:52","slug":"kurse-der-akademie-fuer-sprechkunst-2","status":"publish","type":"page","link":"https:\/\/www.jwernst.ch\/wordpress\/kurse-der-akademie-fuer-sprechkunst-2\/","title":{"rendered":"Kurse der Akademie f\u00fcr Sprechkunst"},"content":{"rendered":"<h3><span style=\"color: #800080;\"><strong>Was ist Sprechkunst ?<\/strong><\/span><\/h3>\n<p>Eindr\u00fcckliches und ausdrucksstarkes Sprechen setzt Ausbildung und K\u00f6nnen voraus.<\/p>\n<p>\u00dcberall, wo gesprochen wird, m\u00f6chten wir Menschen ber\u00fchren und bewegen.<\/p>\n<p>Im Alltag, Schule, Kunst und Therapie, auf der B\u00fchne und nicht zuletzt auch der Kanzel m\u00f6chten wir mit unserer Sprache die Menschen authentisch erreichen.<\/p>\n<p>Das Instrument ist der ganze Mensch. Das Erscheinen der Pers\u00f6nlichkeit wird massgeblich von seiner Stimme gepr\u00e4gt.<\/p>\n<p>Die Zuh\u00f6rer und Zuh\u00f6rerinnen werden durch Klang und Resonanz des Geh\u00f6rten ganzheitlich &#8211; das heisst bis in<\/p>\n<p>die Knochenleitungen &#8211; beeinflusst.<\/p>\n<h3><span style=\"color: #000080;\"><strong>Geschichte und Hintergrund<\/strong><\/span><\/h3>\n<div class=\"page\" title=\"Page 2\">\n<div class=\"layoutArea\">\n<div class=\"column\">\n<p>Die Akademie fu\u0308r Sprechkunst steht in der Kontinuita\u0308t der \u201eMarie Steiner-Schule fu\u0308r Sprachgestaltung und dramatische Kunst\u201c. Sie wurde von Marie Steiner 1946 fu\u0308r den Nachwuchs am Goetheanum, Dornach eingerichtet.<\/p>\n<\/div>\n<\/div>\n<\/div>\n<h3><span style=\"color: #000080;\"><strong>Die Methodik<\/strong><\/span><\/h3>\n<p>Die &#8222;<strong>Dynamische Silbe<\/strong>&#8220; wurde von <strong>Dr. Johann Wolfgang Ernst<\/strong> und <strong>Hertha Luise Ernst-Zuelzer <\/strong>entwickelt als methodischer Schl\u00fcssel zu<strong> Klang<\/strong> und <strong>Dynamik<\/strong> der Stimme. Beide waren Sch\u00fcler Marie Steiners und hatten die Kunst der Meisterin, das &#8222;<strong>wie macht sie es<\/strong>&#8220; akribisch er-h\u00f6rt und erforscht. Das Resultat der Forschung war die Entdeckung der <strong>Silbe<\/strong> in ihren Funktionen als geniales Instrument zur Ausbildung der beweglichen Sprechstimme.<\/p>\n<p><strong>Nunancierung, Musikalit\u00e4t und Plastizit\u00e4t<\/strong> des Sprechens waren die Voraussetzungen, um die von Marie Steiner und Rudolf Steiner angestrebte Erneuerung der Sprechkunst zu erreichen.<\/p>\n<p>Die Arbeit mit den umfassenden technisch\/k\u00fcnstlerischen M\u00f6glichkeiten der &#8222;Dynamischen Silbe&#8220; erm\u00f6glicht einen sehr gezielten,\u00a0 individuellen Unterricht.<\/p>\n<p>Mit unserem Kursangebot und Veranstaltungen stellen wir allen Interessierten unsere Arbeitsweise vor. Unser kostbarstes methodisches Instrument ist die Arbeit mit der<b> &#8222;Dynamischen Silbe&#8220;.<\/b> Die Arbeit damit begeistert und erfrischt uns immer wieder und l\u00e4sst uns neue M\u00f6glichkeiten entdecken.<\/p>\n<p>Die Silbe in ihrer dreifachen Ausgestaltung ist der <b>Quell<\/b>, woraus alle sprecherische Arbeit erm\u00f6glicht wird. Stimmentfaltung, Kraft, angemessene Ausdrucksf\u00e4higkeit in allen Bereichen der Dichtung, Entwicklung des Klangs, der Sprachmelodie und der Dynamik.<\/p>\n<p>Eine Sprechkunst, wie Marie Steiner sie vorzeigte und auch eindr\u00fccklich und bildhaft formulierte ist nur erreichbar, wenn das Instrument&#8220;Stimme &#8222;vollumf\u00e4nglich ausgebildet wird und in all seinen Nuancen zur Verf\u00fcgung steht. So wie ein Musiker sein Instrument beherrschen muss, um allen Anforderungen der verschieden Kompositionen und Stile gerecht zu werden.<\/p>\n<h3><span style=\"color: #008000;\"><strong>Die Workkshops<\/strong><\/span><\/h3>\n<p>Sie bieten \u00dcbung und Einblick in die methodischen und k\u00fcnstlerischen Grundlagen der *Dynamischen Silbe&#8220;. Durch Bewegungs-, Stimm- und Sprech\u00fcbungen mit dichterischen Beispielen wird die Sprachwahrnehmung, und das verstehende H\u00f6ren geschult.<\/p>\n<h3><span style=\"color: #ff0000;\"><strong>Der Intensivkurs<\/strong><\/span><\/h3>\n<p>In einem vierj\u00e4hrigen<strong> Aufbau<\/strong> sind die Grundkompetenzen der Methodik der &#8222;Dynamischen Silbe&#8220; zu erlernen.<\/p>\n<p>Aufgrund der pers\u00f6nlichen Entwicklung kann sich die Studienzeit verk\u00fcrzen oder verl\u00e4ngern, bis zur Erreichung der Diplomf\u00e4higkeit.<\/p>\n<p><strong>Ein neuer Kurs beginnt im September 2024<\/strong><\/p>\n<p>Auch als <strong>einj\u00e4hrige Weiterbildung<\/strong> oder mit einem <strong>vierten Studienjahr als Diplomkurs<\/strong> belegbar.<\/p>\n<p>Ziel des<strong> Intensivkurses <\/strong>ist die Erarbeitung der k\u00fcnstlerischen und methodischen <strong>Basiskompetenzen<\/strong> zur spezifischen Anwendung und Vermittlung in <strong>P\u00e4dagogik<\/strong>, <strong>Kunst<\/strong> und <strong>Therapie<\/strong>.<\/p>\n<p>Das Vermitteln dieser Kunst erfordert methodische Kompetenz und ein geschultes, verstehendes\u00a0 Ohr.<\/p>\n<p>In unserem <strong>Intensivkurs<\/strong> bieten wir ein konzentriertes, berufsbegleitendes Studium an f\u00fcr alle, die durch ihr Sprechen Menschen jeden Alters bewegen und begeistern wollen.<\/p>\n<p>SprachgestalterInnen sind gesuchte Fachpersonen. Sie finden Arbeit an Waldorfschulen, und im klinischen Bereich (mit therapeutischer Zusatzausbildung).<\/p>\n<p><strong>Es ist ein berufsbegleitendes Studium. Dies erfordert von den StudentInnen pers\u00f6nliches, diszipliniertes \u00dcben.<br \/>\n<\/strong><\/p>\n<p><strong>Das Studium beeinhaltet ein Wochenende pro Monat von <\/strong><\/p>\n<p><span style=\"color: #ff0000;\"><strong>Freitag und Samstag\u00a0 9.00\u00a0 &#8211;\u00a0 12.30 Uhr\u00a0\u00a0 14.00 -17.00 Uhr<br \/>\n<\/strong><\/span><\/p>\n<p><span style=\"color: #ff0000;\"><strong>\u00a0Sonntag\u00a0 9.00\u00a0 &#8211; 12. 30 Uhr<\/strong><\/span><\/p>\n<p><strong>Dazu\u00a0<span style=\"color: #ff0000;\"> regelm\u00e4ssiger Einzelunterricht<\/span> nach Absprache.<\/strong><\/p>\n<p><strong>Der Unterricht wird von Dorothea Ernst und J\u00fcrg Schmied geleitet.<\/strong><\/p>\n<p><strong>Veranstaltungsort: Dornecksstr. 6<\/strong><\/p>\n<p><strong>4143 Dornach<\/strong><\/p>\n<p>&nbsp;<\/p>\n<h2><span style=\"color: #008000;\"><strong>Workshops 2024\/25<\/strong><\/span><\/h2>\n<h3><strong>Mit Dorothea Ernst und J\u00fcrg Schmied<br \/>\n<\/strong><\/h3>\n<p>&nbsp;<\/p>\n<p>&nbsp;<\/p>\n<h2><span style=\"color: #993366;\"><strong><em>Intensivkurs<\/em><\/strong><\/span><\/h2>\n<h3><strong><em>startet bei gen\u00fcgender Teilnehmerzahl<br \/>\n<\/em><\/strong><\/h3>\n<p><strong><em>1 Wochenende im Monat<\/em><\/strong><\/p>\n<p><strong><em>4 Intensivwochen im Jahr<\/em><\/strong><\/p>\n<p><strong><em>Einzelunterricht nach Absprache w\u00f6chentlich<\/em><\/strong><strong><em>\u00a0<\/em><\/strong><\/p>\n<p>&nbsp;<\/p>\n<h2><span style=\"color: #993366;\"><strong><em>Einf\u00fchrungeskurse<\/em><\/strong><strong><em>\u00a0<\/em><\/strong><\/span><\/h2>\n<h3>Diese\u00a0 Workshops sind gedacht f\u00fcr Interessierte als Einf\u00fchrung in die Grundlagen des syllabischen Sprechens.<\/h3>\n<h3>Wir m\u00f6chten zuk\u00fcnftige StudentInnen\u00a0 und weitere Interessierte einladen,\u00a0 einen Einblick in unsere Arbeit zu bekommen.<\/h3>\n<h3>Die Workshops sind jedoch auch f\u00fcr professionelle KollegInnen\u00a0 interessant und bereichernd, weil sie neue\u00a0 M\u00f6glichkeiten des Umgangs mit\u00a0 Sprechklang, Melodik und Rhythmus kennenlernen werden.<\/h3>\n<h3>Diese sind sowohl k\u00fcnstlerisch, als auch therapeutisch erweiternd und bereichernd.<\/h3>\n<h3><span style=\"color: #333399;\"><strong><em>1. Die Dynamische Silbe &#8211; K<\/em><\/strong><strong><em>lang und Fluss der Sprache<\/em><\/strong><\/span><\/h3>\n<h3><span style=\"color: #339966;\"><strong>Sa. 5. Oktober, 10.00 &#8211; 12.30 Uhr<\/strong><\/span><strong><span style=\"color: #339966;\"> 14.00 -17.30 Uhr Workshop<\/span><br \/>\n<\/strong><\/h3>\n<h3><span style=\"color: #333399;\"><strong>Vortrag 19.00\u00a0 <\/strong><\/span>J\u00fcrg Schmied<\/h3>\n<h3><span style=\"color: #ff0000;\"><strong>Die musische Kunst &#8211; Klang der Dichtung <\/strong><\/span><\/h3>\n<h3><span style=\"color: #339966;\"><strong>So. 6. Oktober\u00a0 10 -13.00 Workshop<\/strong><\/span><\/h3>\n<p>&nbsp;<\/p>\n<h3><span style=\"color: #333399;\"><strong><em>2. Metrische Geheimnisse &#8211; Dipodie &#8211; <\/em><\/strong><strong><em>Atem und Herzschlag der Dichtung<\/em><\/strong><\/span><\/h3>\n<h3><span style=\"color: #339966;\"><strong>Sa. 23. November, 10.00 &#8211; 12.30 Uhr<\/strong><\/span><strong><span style=\"color: #339966;\">\u00a0 14.00 -17.00 Uhr<\/span><br \/>\n<\/strong><\/h3>\n<h3><strong><span style=\"color: #000080;\">Vortrag 19.00\u00a0<\/span>\u00a0<\/strong><strong>J\u00fcrg Schmied<\/strong><\/h3>\n<h3><strong><span style=\"color: #ff0000;\">Die<\/span> <span style=\"color: #ff0000;\">Dipodie &#8211; Grundlage rhymischen Sprechens\u00a0<\/span><\/strong><strong><span style=\"color: #ff0000;\"> <span style=\"color: #0000ff;\"><br \/>\n<\/span><\/span><\/strong><\/h3>\n<h3><span style=\"color: #339966;\"><strong>So. 24. November\u00a0 10.00 -13.00 Uhr Workshop<\/strong><\/span><\/h3>\n<p>&nbsp;<\/p>\n<h3><span style=\"color: #000080;\"><strong><em>3. Harmonia &#8211; Pendelschlag des Klanges<br \/>\n<\/em><\/strong><\/span><\/h3>\n<h3><span style=\"color: #339966;\"><strong>Sa. 11. Januar 2025, 10.00 &#8211; 12.30 Uhr\u00a0 <\/strong><strong>14.00 -17.30 Uhr<\/strong><\/span><\/h3>\n<h3><span style=\"color: #000080;\"><strong>Vortrag 19.00 Uhr<span style=\"color: #ff0000;\">\u00a0 <\/span><\/strong><\/span><strong>J\u00fcrg Schmied<\/strong><\/h3>\n<h3><span style=\"color: #000080;\"><strong><span style=\"color: #ff0000;\">Kompositionsgesetze:\u00a0 Einatmung-Ausatmung, Spannung-Entspannung\u00a0 <\/span><\/strong><\/span><\/h3>\n<h3><span style=\"color: #339966;\"><strong>So. 12. Januar 10.00 -13.00 Uhr Workshop<\/strong><\/span><\/h3>\n<h3><span style=\"color: #339966;\"><strong>\u00a0<\/strong><\/span><\/h3>\n<h3><span style=\"color: #000080;\"><strong><em>4. Die Planeten-Handgeb\u00e4rden\u00a0 <\/em><\/strong><strong><em>nach J.W. Ernst<\/em><\/strong><\/span><\/h3>\n<h3><span style=\"color: #339966;\"><strong>Sa. 08. Februar 2025, 10.00 &#8211; 12.30 Uhr\u00a0 1<\/strong><strong>4.00 -17.30 Uhr<\/strong><\/span><\/h3>\n<h3><span style=\"color: #000080;\">Vortrag 19.00 Uhr\u00a0 <\/span>J\u00fcrg Schmied<span style=\"color: #000080;\"><span style=\"color: #ff0000;\">\u00a0<\/span><\/span><\/h3>\n<h3><span style=\"color: #339966;\"><strong>So. 9. Februar 10.00 -13.00 Uhr Workshop<\/strong><\/span><\/h3>\n<h3><\/h3>\n<h3><span style=\"color: #000080;\"><strong><em>5. Die Grundhaltungen des Tierkreises\u00a0 <\/em><\/strong><strong><em>nach J.W. Ernst<\/em><\/strong><\/span><\/h3>\n<h3><span style=\"color: #339966;\">Sa. 08. M\u00e4rz, 10.00 &#8211; 12.30 Uhr\u00a0 14.00-17.30 Uhr<\/span><strong><br \/>\n<\/strong><\/h3>\n<h3><span style=\"color: #000080;\">Vortrag 19.00 Uhr\u00a0 <\/span>J\u00fcrg Schmied<\/h3>\n<h3><span style=\"color: #339966;\">So. 9. M\u00e4rz\u00a0 10.00 -13.00 Uhr Workshop<\/span><\/h3>\n<p>&nbsp;<\/p>\n<h3><span style=\"color: #000080;\"><strong><em>6. Die sechs Sprachgeb\u00e4rden des Dramatischen Kurses<\/em><\/strong><\/span><\/h3>\n<h3><span style=\"color: #339966;\"><strong>\u00a0Sa. 5. April\u00a0 10.00-14.30 Uhr\u00a0 14. &#8211; 17.30 Uhr<br \/>\n<\/strong><\/span><\/h3>\n<h3><span style=\"color: #000080;\">\u00a0Vortrag 19.00 Uhr\u00a0 <\/span>J\u00fcrg Schmied<\/h3>\n<h3><span style=\"color: #339966;\">So. 6. April\u00a0 10.00 -13.00 Uhr Workshop<\/span><\/h3>\n<p>&nbsp;<\/p>\n<h4><strong>Kosten pro Wochenende : Fr. 225.-<br \/>\n<\/strong><\/h4>\n<p><strong>Nur Vortrag: Fr. 20.-<\/strong><\/p>\n<h4>Veranstaltungsort: Dorneckstr. 69\u00a0 4310 Dornach<\/h4>\n<h4><strong>Anmeldung und Auskunft: J\u00fcrg@cschmied.de\u00a0 Tel. 041 (0) 77 521 01 86\u00a0 dorothea.ernst@vtxfree.ch 061 831 65 86<br \/>\n<\/strong><\/h4>\n<p><strong><em>\u00a0<\/em><\/strong><strong>Sa. 05. April, 10.00 &#8211; 12.30 Uhr<\/strong><\/p>\n<p>&nbsp;<\/p>\n<h3><\/h3>\n<p style=\"text-align: center;\">Kontakt, Information und Beratung<br \/>\n<strong>Dorothea Ernst<\/strong><br \/>\n<strong>dorothea.ernst@vtxfree.ch<\/strong><br \/>\n<strong>0041 61 831 65 86<\/strong><\/p>\n<p>&nbsp;<\/p>\n<p style=\"text-align: center;\">\n","protected":false},"excerpt":{"rendered":"<p>Was ist Sprechkunst ? Eindr\u00fcckliches und ausdrucksstarkes Sprechen setzt Ausbildung und K\u00f6nnen voraus. \u00dcberall, wo gesprochen wird, m\u00f6chten wir Menschen ber\u00fchren und bewegen. Im Alltag, Schule, Kunst und Therapie, auf der B\u00fchne und nicht zuletzt auch der Kanzel m\u00f6chten wir mit unserer Sprache die Menschen authentisch erreichen. Das Instrument ist der ganze Mensch. Das Erscheinen &hellip; <a href=\"https:\/\/www.jwernst.ch\/wordpress\/kurse-der-akademie-fuer-sprechkunst-2\/\" class=\"more-link\"><span class=\"screen-reader-text\">Kurse der Akademie f\u00fcr Sprechkunst<\/span> weiterlesen <span class=\"meta-nav\">&rarr;<\/span><\/a><\/p>\n","protected":false},"author":2,"featured_media":0,"parent":0,"menu_order":0,"comment_status":"closed","ping_status":"closed","template":"","meta":{"footnotes":""},"class_list":["post-116","page","type-page","status-publish","hentry"],"jetpack_sharing_enabled":true,"_links":{"self":[{"href":"https:\/\/www.jwernst.ch\/wordpress\/wp-json\/wp\/v2\/pages\/116","targetHints":{"allow":["GET"]}}],"collection":[{"href":"https:\/\/www.jwernst.ch\/wordpress\/wp-json\/wp\/v2\/pages"}],"about":[{"href":"https:\/\/www.jwernst.ch\/wordpress\/wp-json\/wp\/v2\/types\/page"}],"author":[{"embeddable":true,"href":"https:\/\/www.jwernst.ch\/wordpress\/wp-json\/wp\/v2\/users\/2"}],"replies":[{"embeddable":true,"href":"https:\/\/www.jwernst.ch\/wordpress\/wp-json\/wp\/v2\/comments?post=116"}],"version-history":[{"count":128,"href":"https:\/\/www.jwernst.ch\/wordpress\/wp-json\/wp\/v2\/pages\/116\/revisions"}],"predecessor-version":[{"id":491,"href":"https:\/\/www.jwernst.ch\/wordpress\/wp-json\/wp\/v2\/pages\/116\/revisions\/491"}],"wp:attachment":[{"href":"https:\/\/www.jwernst.ch\/wordpress\/wp-json\/wp\/v2\/media?parent=116"}],"curies":[{"name":"wp","href":"https:\/\/api.w.org\/{rel}","templated":true}]}}